{"id":258,"date":"2024-05-12T11:25:14","date_gmt":"2024-05-12T11:25:14","guid":{"rendered":"https:\/\/kerepes.eu\/springer\/?post_type=cpt_services&#038;p=258"},"modified":"2024-05-24T12:41:11","modified_gmt":"2024-05-24T12:41:11","slug":"szocial-politikai-program","status":"publish","type":"cpt_services","link":"https:\/\/kerepes.eu\/springer\/services\/szocial-politikai-program\/","title":{"rendered":"Szoci\u00e1l-politikai program"},"content":{"rendered":"\n<figure class=\"wp-block-image size-large\"><img loading=\"lazy\" decoding=\"async\" width=\"1024\" height=\"683\" src=\"https:\/\/kerepes.eu\/springer\/wp-content\/uploads\/2024\/05\/betegszallito-1024x683.jpg\" alt=\"\" class=\"wp-image-2478\" srcset=\"https:\/\/kerepes.eu\/springer\/wp-content\/uploads\/2024\/05\/betegszallito-1024x683.jpg 1024w, https:\/\/kerepes.eu\/springer\/wp-content\/uploads\/2024\/05\/betegszallito-300x200.jpg 300w, https:\/\/kerepes.eu\/springer\/wp-content\/uploads\/2024\/05\/betegszallito-768x513.jpg 768w, https:\/\/kerepes.eu\/springer\/wp-content\/uploads\/2024\/05\/betegszallito-370x247.jpg 370w, https:\/\/kerepes.eu\/springer\/wp-content\/uploads\/2024\/05\/betegszallito-760x507.jpg 760w, https:\/\/kerepes.eu\/springer\/wp-content\/uploads\/2024\/05\/betegszallito.jpg 1470w\" sizes=\"auto, (max-width: 1024px) 100vw, 1024px\" \/><\/figure>\n\n\n\n<div class=\"wp-block-group is-nowrap is-layout-flex wp-container-core-group-is-layout-ad2f72ca wp-block-group-is-layout-flex\"><\/div>\n\n\n\n<p>Eg\u00e9szs\u00e9g\u00fcgy &#8211; Szoci\u00e1lpolitika. &nbsp;Ez sem maradna csak kamp\u00e1ny\u00edg\u00e9ret.<\/p>\n\n\n\n<h5 class=\"wp-block-heading\">Apr\u00f3 cseppek, a programunkb\u00f3l:&nbsp;<\/h5>\n\n\n\n<p>Polg\u00e1rmesterr\u00e9 v\u00e1laszt\u00e1som eset\u00e9n \u00e9s jel\u00f6ltjeink test\u00fcletbe ker\u00fcl\u00e9s\u00e9vel, az eg\u00e9szs\u00e9g\u00fcgyi ell\u00e1t\u00e1s jav\u00edt\u00e1sa is fontos szerepet kap a programunkban. Idetartozik a betegsz\u00e1ll\u00edt\u00e1s lehet\u0151s\u00e9g\u00e9nek \u00f6nkorm\u00e1nyzati el\u0151seg\u00edt\u00e9se is. &nbsp;Ehhez tudni kell, hogy amikor k\u00fcl\u00f6nv\u00e1lt a ment\u0151szolg\u00e1lat \u00e9s a betegsz\u00e1ll\u00edt\u00e1s, \u00f3ri\u00e1si volt a z\u0171rzavar. &nbsp;K\u00f6rzet\u00fcnkben se volt jobb, a betegsz\u00e1ll\u00edt\u00f3 j\u00e1rm\u0171vek sz\u00e1ma sosem elegend\u0151. Sokszor hetekig kellet v\u00e1rniuk a betegeknek, hogy elvigy\u00e9k \u0151ket a sz\u00fcks\u00e9ges, vagy el\u0151jegyzett vizsg\u00e1latra. Az \u00f6nkorm\u00e1nyzat, k\u00f6teless\u00e9ge \u00e1ll\u00e1spontom szerint, hogy amit tud, megtegyen. T\u00e1rgyal\u00e1ssal, lehet\u0151s\u00e9g ny\u00edlt arra, hogy Kerepesnek olcs\u00f3 beszerz\u00e9ssel \u00e9s felaj\u00e1nl\u00e1sokkal egy \u2013 vagy ak\u00e1r t\u00f6bb, betegsz\u00e1ll\u00edt\u00e1sra alkalmas kisbusza legyen. T\u00f6bb megy\u00e9ben, egy j\u00e1rm\u0171re \u00e1tlagosan 16-17 ezer beteg jut, amik \u00e9vente nagyj\u00e1b\u00f3l sz\u00e1zezer kilom\u00e9tert futnak. M\u00e1s megy\u00e9ben 20 ezer emberre jut egy betegsz\u00e1ll\u00edt\u00f3 aut\u00f3. de van ahol ez a sz\u00e1m 35 ezer. Megragadn\u00e1nk a lehet\u0151s\u00e9get, saj\u00e1t olcs\u00f3fenntart\u00e1s\u00fa j\u00e1rm\u0171vekkel a betegsz\u00e1ll\u00edt\u00e1s megszervez\u00e9s\u00e9re. Ehhez a csal\u00e1dseg\u00edt\u0151 rendszer\u00e9n bel\u00fcl tal\u00e1ln\u00e1nk kapacit\u00e1st, melynek finansz\u00edroz\u00e1sa r\u00e9szben vagy ak\u00e1r eg\u00e9szben az OEP \u00e1ltal is lehets\u00e9ges lehetne.<\/p>\n\n\n\n<ul class=\"wp-block-list\">\n<li>A sof\u0151r\u00f6k mell\u00e9, h\u00e1zi seg\u00edts\u00e9gny\u00fajt\u00e1si feladatokat ell\u00e1t\u00f3 szem\u00e9ly biztos\u00edthat az \u00f6nkorm\u00e1nyzat, akiknek kell\u0151 eg\u00e9szs\u00e9g\u00fcgyi v\u00e9gzetts\u00e9g\u00fck is lehetne.<\/li>\n\n\n\n<li>A betegsz\u00e1ll\u00edt\u00f3 szolg\u00e1ltat\u00e1s a h\u00e1ziorvosi, szakorvosi rendel\u0151kbe val\u00f3 k\u00f6nnyebb bejut\u00e1sban seg\u00edten\u00e9 el\u0151. Tov\u00e1bb\u00e1, a nyugd\u00edjasoknak, a telep\u00fcl\u00e9sen \u00e9l\u0151 id\u0151seknek is ny\u00fajtana &#8211; szakembert nem ig\u00e9nyl\u0151 sz\u00e1ll\u00edt\u00e1si, t\u00e9r\u00edt\u00e9smentes, vagy t\u00e9r\u00edt\u00e9ses seg\u00edts\u00e9get.<\/li>\n\n\n\n<li>A jelz\u0151rendszeres h\u00e1zi seg\u00edts\u00e9gny\u00fajt\u00e1sban r\u00e9szes\u00fclhetnek, azok az id\u0151s szem\u00e9lyeknek is, akik eg\u00e9szs\u00e9gi \u00e1llapotuk miatt az ell\u00e1t\u00e1si form\u00e1t ig\u00e9nylik, ugyancsak a j\u00e1rm\u0171 a seg\u00edts\u00e9g\u00fckre lehet, amikor erre szabad kapacit\u00e1s van.<\/li>\n\n\n\n<li>H\u00e1zi seg\u00edts\u00e9gny\u00fajt\u00e1st vehetnek ig\u00e9nybe azok, akik \u00f6nmagukat nem, vagy csak r\u00e9szben k\u00e9pesek ell\u00e1tni. Saj\u00e1t otthonukban t\u00f6rt\u00e9n\u0151 \u00e1pol\u00e1s-gondoz\u00e1st biztos\u00edtunk r\u00e9sz\u00fckre.<\/li>\n\n\n\n<li>A fogyat\u00e9kkal \u00e9l\u0151k r\u00e9sz\u00e9re a jobb \u00e9letk\u00f6r\u00fclm\u00e9nyekhez seg\u00edts\u00e9get ny\u00fajtan\u00e1nk ezzel a szolg\u00e1lattal is.<\/li>\n\n\n\n<li>Az int\u00e9zm\u00e9nyes\u00edtett szoci\u00e1lis \u00e9tkez\u00e9st is el\u0151seg\u00edthetik a j\u00e1rm\u0171vek, ha erre ig\u00e9ny mutatkozik. Fontos lehet ez tov\u00e1bb\u00e1 azok r\u00e9sz\u00e9re, akik \u00e9letkoruk, eg\u00e9szs\u00e9gi \u00e1llapotuk, illetve szoci\u00e1lis helyzet\u00fck miatt \u00f6nmagukr\u00f3l, ell\u00e1tottjaikr\u00f3l nem k\u00e9pesek gondoskodni.<\/li>\n\n\n\n<li>Eseti, bizonyos h\u00e9tv\u00e9gi gy\u00f3gykezel\u00e9sekre igyekv\u0151 helyi lakoss\u00e1gnak is \u00edgy nem kell a ma m\u00e9g nem is l\u00e9tez\u0151 h\u00e9tv\u00e9gi buszra v\u00e1rni. (A h\u00e9tv\u00e9gi k\u00f6zleked\u00e9s egy\u00e9bir\u00e1nt, m\u00e1s fejezetben, de megszervez\u00e9sre ker\u00fcl \u00e9s k\u00f6telez\u0151 feladatunk lesz.)<\/li>\n<\/ul>\n\n\n\n<p>Nem a betegsz\u00e1ll\u00edt\u00e1ssal kapcsolatos, de fontos lehet \u00e9s idetartozhat r\u00e9szben, a fogyat\u00e9kkal \u00e9l\u0151k nappali ell\u00e1t\u00e1sa keret\u00e9ben &#8211; Kerepes V\u00e1ros Szoci\u00e1lis Alapszolg\u00e1ltat\u00e1si K\u00f6zpont \u00e1ltal, a h\u00e9tv\u00e9gi \u00e9jszakai eladat\u00e1snak biztos\u00edt\u00e1s\u00e1ra t\u00f6rt\u00e9n\u0151 ig\u00e9nyfelm\u00e9r\u00e9s is, megfelel\u0151 szem\u00e9lyzet \u00e9s forr\u00e1s biztos\u00edt\u00e1sa mellett.<br>Az, azon betegek sz\u00fcleinek adna lehet\u0151s\u00e9get, esetleges h\u00e9tv\u00e9gi programjainak teend\u0151iknek a megval\u00f3s\u00edt\u00e1s\u00e1hoz, kik nem hagyhatj\u00e1k magukra h\u00e9tv\u00e9g\u00e9n sem, az \u00e1pol\u00e1sra szorul\u00f3, fogyat\u00e9kkal \u00e9l\u0151 gyermekeiket.&nbsp;<\/p>\n\n\n\n<p>&#8212;&#8212;&#8212;&#8212;&#8212;&#8212;&#8212;&#8212;&#8212;&#8212;&#8212;&#8212;&#8212;&#8212;&#8212;&#8212;&#8212;&#8212;&#8212;&#8212;&#8212;&#8212;&#8212;&#8212;&#8212;&#8212;&#8212;&#8211;<\/p>\n\n\n\n<p>&nbsp;&nbsp;<a href=\"https:\/\/www.facebook.com\/profile.php?id=100022147702283\"><strong>Gy\u00f6rgy Raffay<\/strong><\/a>&nbsp; p\u00e1r \u00e9ve \u00edrta : Arra fogunk szavazni, aki \u00edg\u00e9r valamit az \u00e1lland\u00f3 f\u00fcst\u00f6l\u00e9s ellen. Pl max havi egy \u00e9get\u00e9s h\u00e9tk\u00f6znap. B\u00e1r mi 6 \u00e9ve nem \u00e9gett\u00fcnk semmit egy nagyobb telken, deh\u00e1t&#8230; Engem ez annyira zavar itt, gondolkodunk a k\u00f6lt\u00f6z\u00e9sen, sem Szegeden, sem S\u00e1rv\u00e1ron hasonl\u00f3t sem l\u00e1ttam, Bp csal\u00e1di h\u00e1zas \u00f6vezetben is laktunk, ott elvetve volt f\u00fcst, de nem \u00fagy mint itt. Ma 3. napja m\u00e1r, hogy rohang\u00e1lunk ablakokat csukni, hogy a gyerekek ne f\u00fcstben aludjanak, szell\u0151ztet\u00e9s n\u00e9lk\u00fcl meg ugye ny\u00e1ron nem \u00e9lhet\u0151 egy h\u00e1z. \u00dagy t\u0171nik ez t\u00e9nyleg falu&#8230; \ud83d\ude41 K\u00e1rog\u00f3knak: igen, pr\u00f3b\u00e1ltam ut\u00e1nan\u00e9zni ki f\u00fcst\u00f6lt, nem tal\u00e1ltam. De nem hiszem, hogy munka es csal\u00e1d mellett az \u00e9n dolgom, hogy rend\u0151rt j\u00e1tsszak, csakhogy norm\u00e1lis \u00e9letk\u00f6r\u00fclm\u00e9nyek k\u00f6z\u00f6tt \u00e9lj\u00fcnk.&nbsp;<\/p>\n\n\n\n<p>&#8212;&#8212;&#8212;&#8212;&#8212;&#8212;&#8212;&#8212;&#8212;&#8212;&#8212;&#8212;&#8212;&#8212;&#8212;&#8212;&#8212;&#8212;&#8212;&#8212;&#8212;&#8212;&#8212;&#8212;&#8212;&#8212;&#8212;&#8212;<\/p>\n\n\n\n<p><strong>Kedves Eszter!<\/strong> B\u00e1r nem k\u00e9rtelek seg\u00edts\u00e9gre, de j\u00f3l esik \u00e9s k\u00f6sz\u00f6n\u00f6m mindenkinek a t\u00e1mogat\u00e1s\u00e1t. Tudni kell, hogy terveim szerint 3 k\u00f6r\u00f6s lenne a bizotts\u00e1gok munk\u00e1ja. (persze ez csak ha megszavazn\u00e1 az adott test\u00fclet) Els\u0151 sorban a k\u00f6telez\u0151 k\u00e9pvisel\u0151kb\u0151l \u00e1llna, majd a un. k\u00fcls\u00f6s\u00f6k \u00e9s ezek mellett a szak\u00e9rt\u0151i, ideiglenes, tan\u00e1csad\u00f3i tagokb\u00f3l.<\/p>\n\n\n\n<p>Ehhez, j\u00f3l kell ismerni ki, minek a &#8222;mestere&#8221;. Nem p\u00e1rtkaton\u00e1kra \u00e9s h\u0171b\u00e9resekre van sz\u00fcks\u00e9g\u00fcnk, hanem kerepesiekre, akik tenni akarnak a gyorsabb fejl\u0151d\u00e9s\u00e9rt. Nincs sok id\u0151, m\u00e1r mert Kerepest a szakad\u00e9k sz\u00e9l\u00e9re vezette a jelen, Gyuricza &#8211; Fidesz test\u00fclet \u00e9s bizotts\u00e1gaik.<\/p>\n\n\n<blockquote>\n<p>Mindegy hogy s\u0171r\u0171 apr\u00f3 l\u00e9p\u00e9ssel vagy egy -egy nagy l\u00e9p\u00e9ssel indulunk el, de nem mindegy hogy a szakad\u00e9k fel\u00e9, vagy a fejl\u0151d\u00e9s ir\u00e1ny\u00e1ba!<br \/><cite>Springer<\/cite><\/p>\n<\/blockquote>","protected":false},"excerpt":{"rendered":"<p>Az eg\u00e9szs\u00e9g\u00fcgy \u00e9s a szoci\u00e1lpolitika mind k\u00f6z\u00fcgy Kerepesen!<\/p>\n","protected":false},"author":1,"featured_media":2478,"comment_status":"open","ping_status":"closed","template":"","class_list":["post-258","cpt_services","type-cpt_services","status-publish","has-post-thumbnail","hentry","cpt_services_group-our-mission"],"_links":{"self":[{"href":"https:\/\/kerepes.eu\/springer\/wp-json\/wp\/v2\/cpt_services\/258","targetHints":{"allow":["GET"]}}],"collection":[{"href":"https:\/\/kerepes.eu\/springer\/wp-json\/wp\/v2\/cpt_services"}],"about":[{"href":"https:\/\/kerepes.eu\/springer\/wp-json\/wp\/v2\/types\/cpt_services"}],"author":[{"embeddable":true,"href":"https:\/\/kerepes.eu\/springer\/wp-json\/wp\/v2\/users\/1"}],"replies":[{"embeddable":true,"href":"https:\/\/kerepes.eu\/springer\/wp-json\/wp\/v2\/comments?post=258"}],"wp:featuredmedia":[{"embeddable":true,"href":"https:\/\/kerepes.eu\/springer\/wp-json\/wp\/v2\/media\/2478"}],"wp:attachment":[{"href":"https:\/\/kerepes.eu\/springer\/wp-json\/wp\/v2\/media?parent=258"}],"curies":[{"name":"wp","href":"https:\/\/api.w.org\/{rel}","templated":true}]}}