{"id":262,"date":"2017-12-12T12:27:17","date_gmt":"2017-12-12T12:27:17","guid":{"rendered":"https:\/\/kerepes.eu\/springer\/?post_type=cpt_services&#038;p=262"},"modified":"2024-05-24T12:44:19","modified_gmt":"2024-05-24T12:44:19","slug":"policing-crime","status":"publish","type":"cpt_services","link":"https:\/\/kerepes.eu\/springer\/services\/policing-crime\/","title":{"rendered":"C\u00e9lok \u00e9s gondolatok"},"content":{"rendered":"<p>Elv\u00e1r\u00e1s lesz megv\u00e1laszt\u00e1sunk ut\u00e1n a sorrend.\u00a0<br \/>Szimpl\u00e1n fontos &#8211; \u00a0fontos \u00e9s s\u00fcrg\u0151s &#8211; Fontos de nem s\u00fcrg\u0151s &#8211;\u00a0 ez a strukt\u00fara.<br \/>Fontos a szempont rendszer is. Kell, \u00e9s van is r\u00e1 ig\u00e9ny? Vagy j\u00f3 lenne, de nem fontos jelenleg.<\/p>\n<p><u>Tudom komoly feladat v\u00e1r r\u00e1nk &#8211; de megtapasztaltam, hogy j\u00f3 sz\u00f3val sokszor t\u00f6bbre haladunk, mint gondoln\u00e1nk. \u00dajra meg kell tanulnunk ny\u00edltan besz\u00e9lni egym\u00e1ssal, mert csak EGY\u00dcTT lehet cselekedni!<\/u><\/p>\n<p>\u00a0<\/p>\n<p>Term\u00e9szetesen tov\u00e1bbra is sz\u00e1m\u00edtok, sz\u00e1m\u00edtunk v\u00e9lem\u00e9ny\u00e9re \u00e9s tan\u00e1csaira, mert nem egyszer\u0171 id\u0151szak el\u0151tt \u00e1llunk, amikor jelent\u0151s d\u00f6nt\u00e9seket kell meghozni igen r\u00f6vid id\u0151 alatt. Olyanokat, amelyek hossz\u00fa t\u00e1von meghat\u00e1rozhatj\u00e1k majd telep\u00fcl\u00e9s\u00fcnk j\u00f6v\u0151j\u00e9t.\u00a0\u00a0 \u00a0\u00a0\u00a0<\/p>\n<p><em>Kerepesnek fejl\u0151dnie kell! <\/em><\/p>\n<p>A sok-sok \u00e9v alatt ki\u00e9p\u00edtett kapcsolatainkat felhaszn\u00e1lva ezt a fejl\u0151d\u00e9st fogom szolg\u00e1lni. Hat\u00e1rozottan \u00e9s igazs\u00e1gosan.<\/p>\n<p><em> Agilis, hat\u00e1rozott, kreat\u00edv vezet\u00e9sre van sz\u00fcks\u00e9g, aki kiakn\u00e1zza a kapcsolatait \u00e9s a lehet\u0151s\u00e9geket \u00e9s mindezt v\u00e9gre Kerepes \u00a0jav\u00e1ra ford\u00edtja! <\/em><\/p>\n<p>Rengeteg a teend\u0151nk, sok munk\u00e1t hagytak r\u00e1nk. Mindig optimista voltam, most is az leszek, mert ha m\u00e9g 5 \u00e9v sok \u00a0\u00e9ves lemarad\u00e1st<\/p>\n<p>\u00a0Hinn\u00fcnk kell, b\u00edznunk a sikeres j\u00f6v\u0151k\u00e9pben \u00e9s ismerj\u00fck meg v\u00e9gre az \u00f6sszefog\u00e1s erej\u00e9t.<\/p>\n<p>Az elm\u00falt \u00e9veket elemezve nem az a k\u00e9rd\u00e9s, hogy mit tett a vezet\u00e9s, hanem milyen \u00e1ron!<\/p>\n<p>\u00a0<\/p>\n<h4>\u00a0Kerepesb\u0151l \u00e9l\u0151k helyett, Kerepes\u00e9rt \u00e9l\u0151ket a vezet\u00e9sbe!<\/h4>\n<p><img loading=\"lazy\" decoding=\"async\" class=\"alignnone wp-image-2699 size-medium\" src=\"https:\/\/kerepes.eu\/springer\/wp-content\/uploads\/2024\/05\/teglarol-taglara-212x300.jpg\" alt=\"\" width=\"212\" height=\"300\" srcset=\"https:\/\/kerepes.eu\/springer\/wp-content\/uploads\/2024\/05\/teglarol-taglara-212x300.jpg 212w, https:\/\/kerepes.eu\/springer\/wp-content\/uploads\/2024\/05\/teglarol-taglara-724x1024.jpg 724w, https:\/\/kerepes.eu\/springer\/wp-content\/uploads\/2024\/05\/teglarol-taglara-768x1086.jpg 768w, https:\/\/kerepes.eu\/springer\/wp-content\/uploads\/2024\/05\/teglarol-taglara-1086x1536.jpg 1086w, https:\/\/kerepes.eu\/springer\/wp-content\/uploads\/2024\/05\/teglarol-taglara-370x523.jpg 370w, https:\/\/kerepes.eu\/springer\/wp-content\/uploads\/2024\/05\/teglarol-taglara-760x1075.jpg 760w, https:\/\/kerepes.eu\/springer\/wp-content\/uploads\/2024\/05\/teglarol-taglara.jpg 1414w\" sizes=\"auto, (max-width: 212px) 100vw, 212px\" \/><\/p>\n<p>Igenis \u00faj arcok is kellenek a vezet\u00e9sbe! A d\u00f6nt\u00e9sek ar\u00e1nyosak \u00e9s c\u00e9lszer\u0171ek lesznek, k\u00f6lts\u00e9ghat\u00e9konys\u00e1ga igazodni fog a lehet\u0151s\u00e9gekhez. A MER\u00c9G sz\u00edneiben indulunk mint k\u00e9pvisel\u0151k, hisz kel a lista.<br \/><strong>A legnagyobb hangs\u00falyt a magam r\u00e9sz\u00e9r\u0151l a folytonoss\u00e1gra, szeretn\u00e9m helyezni, mert ebben l\u00e1tom egy biztosan, fokozatosan fejl\u0151d\u0151 \u00e9s megmarad\u00f3 telep\u00fcl\u00e9s garanci\u00e1j\u00e1t.<br \/>B\u00fcszk\u00e9n kell v\u00e1llalni az el\u00e9rt eredm\u00e9nyeket, ugyanakkor a v\u00e1ltoz\u00e1s k\u00e9pess\u00e9g\u00e9t is meg kell mutatni, azt, hogy mit akarunk a j\u00f6v\u0151ben m\u00e1sk\u00e9nt tenni.<\/strong><\/p>\n<p>Mindannyiunk sz\u00e1m\u00e1ra k\u00f6zismert t\u00e9ny, hogy az \u00f6nkorm\u00e1nyzatok k\u00f6lts\u00e9gvet\u00e9se borotva\u00e9len t\u00e1ncol, j\u00f3 gazd\u00e1lkod\u00e1ssal \u00e9s sok munk\u00e1val \u00e9s persze forr\u00e1steremt\u00e9ssel el tudjuk \u00e9rni c\u00e9ljainkat.\u00a0\u00a0<\/p>\n<p><strong>Megtisztel\u0151 a bizalmuk \u00e9s\u00a0 kiemelked\u0151\u00a0 t\u00e1mogat\u00e1s \u00e9s minden er\u0151mmel \u00e9s igyekezetemmel k\u00e9pviseljem valamennyi\u00a0 Kerepesit. <\/strong><strong>A sikerhez egys\u00e9ges k\u00f6z\u00f6ss\u00e9gre van sz\u00fcks\u00e9g. \u00c9n<\/strong> <strong>az \u00f6sszefog\u00e1sban, az egy\u00fctt gondolkod\u00e1sban, az egy\u00fctt cselekv\u00e9sben hiszek<\/strong>.\u00a0\u00a0\u00a0 \u00a0<\/p>\n<blockquote>\n<p>Hogy Kerepes egy <strong>telep\u00fcl\u00e9s lehessen, ahol mindenki \u00fagy \u00e9rzi<\/strong>: <strong>ITT J\u00d3 \u00c9LNI!<\/strong><\/p>\n<p><cite>Springer Friedrich<\/cite><\/p>\n<\/blockquote>\n\n\n<figure class=\"wp-block-image size-full\"><img loading=\"lazy\" decoding=\"async\" width=\"459\" height=\"233\" src=\"https:\/\/kerepes.eu\/springer\/wp-content\/uploads\/2024\/05\/SC1056-Mar.-20-18.51.jpg\" alt=\"\" class=\"wp-image-2726\" srcset=\"https:\/\/kerepes.eu\/springer\/wp-content\/uploads\/2024\/05\/SC1056-Mar.-20-18.51.jpg 459w, https:\/\/kerepes.eu\/springer\/wp-content\/uploads\/2024\/05\/SC1056-Mar.-20-18.51-300x152.jpg 300w, https:\/\/kerepes.eu\/springer\/wp-content\/uploads\/2024\/05\/SC1056-Mar.-20-18.51-370x188.jpg 370w\" sizes=\"auto, (max-width: 459px) 100vw, 459px\" \/><\/figure>\n","protected":false},"excerpt":{"rendered":"<p>The policy requires police to inherit a proactive approach to address public safety concerns. The overall assessment of community-oriented policing is positive, as both officers and community members attest to its effectiveness in reducing crime.<\/p>\n","protected":false},"author":1,"featured_media":2748,"comment_status":"open","ping_status":"closed","template":"","class_list":["post-262","cpt_services","type-cpt_services","status-publish","has-post-thumbnail","hentry","cpt_services_group-our-services","cpt_services_group-take-action","cpt_services_group-explore-my-vision-on","cpt_services_group-our-mission","cpt_services_group-main-mission"],"_links":{"self":[{"href":"https:\/\/kerepes.eu\/springer\/wp-json\/wp\/v2\/cpt_services\/262","targetHints":{"allow":["GET"]}}],"collection":[{"href":"https:\/\/kerepes.eu\/springer\/wp-json\/wp\/v2\/cpt_services"}],"about":[{"href":"https:\/\/kerepes.eu\/springer\/wp-json\/wp\/v2\/types\/cpt_services"}],"author":[{"embeddable":true,"href":"https:\/\/kerepes.eu\/springer\/wp-json\/wp\/v2\/users\/1"}],"replies":[{"embeddable":true,"href":"https:\/\/kerepes.eu\/springer\/wp-json\/wp\/v2\/comments?post=262"}],"wp:featuredmedia":[{"embeddable":true,"href":"https:\/\/kerepes.eu\/springer\/wp-json\/wp\/v2\/media\/2748"}],"wp:attachment":[{"href":"https:\/\/kerepes.eu\/springer\/wp-json\/wp\/v2\/media?parent=262"}],"curies":[{"name":"wp","href":"https:\/\/api.w.org\/{rel}","templated":true}]}}