{"id":266,"date":"2017-12-12T12:30:07","date_gmt":"2017-12-12T12:30:07","guid":{"rendered":"https:\/\/kerepes.eu\/springer\/?post_type=cpt_services&#038;p=266"},"modified":"2024-05-24T12:41:25","modified_gmt":"2024-05-24T12:41:25","slug":"education","status":"publish","type":"cpt_services","link":"https:\/\/kerepes.eu\/springer\/services\/education\/","title":{"rendered":"Kult\u00fara &#8211; Oktat\u00e1s &#8211; Nevel\u00e9s &#8211; Kerepes"},"content":{"rendered":"<p>A v\u00e1rosi k\u00f6zleked\u00e9s fajs\u00falyos szakmai ter\u00fclet \u00e9s a t\u00e1rsadalomszervez\u00e9s integr\u00e1ns r\u00e9sze.<br \/>\nDe t\u00e9ves n\u00e9zet, hogy ez kiz\u00e1r\u00f3lag csak a v\u00e1ros dolga. Ha sz\u00f3ba ker\u00fclt a v\u00e1rosi k\u00f6zleked\u00e9s, akkor szem\u00e9lyi konfliktus, egy-k\u00e9t v\u00e9lt vagy val\u00f3s fejleszt\u00e9si anom\u00e1lia r\u00e9v\u00e9n ker\u00fcl el\u0151. A 2012. \u00e9vi XLI. t\u00f6rv\u00e9ny (Sztv.) szab\u00e1lyozza ezt. Egy olyan Pest megyei agglomer\u00e1ci\u00f3s telep\u00fcl\u00e9s, mint Kerepes a \u00a0M\u00c1V-H\u00c9V Zrt-s \u00e9s Vol\u00e1nbuszos ell\u00e1totts\u00e1ga ellen\u00e9re, ig\u00e9nyel helyi j\u00e1ratokat is. A Kerepesi k\u00f6zleked\u00e9s nagyon is l\u00e9nyegi k\u00e9rd\u00e9s. Volt kor\u00e1bban alpolg\u00e1rmesteri \u201eaj\u00e1nl\u00e1s\u201d, hogy sz\u00fcntess\u00fck meg, hisz \u00fagyis csak a nyugd\u00edjasok j\u00e1rnak vele, \u0151k pedig ingyen utaznak. Pedig, ez k\u00f6telez\u0151en ell\u00e1tand\u00f3 \u00d6nkorm\u00e1nyzati feladat. Igaz, a milyens\u00e9g\u00e9re nincs szab\u00e1ly&#8230;.<\/p>\n<h5>Hamarosan itt a program r\u00e9szi jelennek meg.<\/h5>\n<p><img loading=\"lazy\" decoding=\"async\" class=\"alignnone wp-image-2243 size-medium\" src=\"https:\/\/kerepes.eu\/springer\/wp-content\/uploads\/2024\/04\/ScreenHunter_69-Oct.-07-14.18-210x300.jpg\" alt=\"\" width=\"210\" height=\"300\" srcset=\"https:\/\/kerepes.eu\/springer\/wp-content\/uploads\/2024\/04\/ScreenHunter_69-Oct.-07-14.18-210x300.jpg 210w, https:\/\/kerepes.eu\/springer\/wp-content\/uploads\/2024\/04\/ScreenHunter_69-Oct.-07-14.18-370x528.jpg 370w, https:\/\/kerepes.eu\/springer\/wp-content\/uploads\/2024\/04\/ScreenHunter_69-Oct.-07-14.18.jpg 634w\" sizes=\"auto, (max-width: 210px) 100vw, 210px\" \/><\/p>\n<blockquote><p>A tud\u00e1s hatalom \u00e9s a hatalom a n\u00e9p\u00e9<br \/>\n<cite>Springer<\/cite><\/p><\/blockquote>\n","protected":false},"excerpt":{"rendered":"<p>Lez\u00e1rult egy korszak \u00e9s \u00fajra indul egy m\u00e1sik.  Az elk\u00f6vetkez\u0151 5 \u00e9v munk\u00e1r\u00f3l, kem\u00e9ny munk\u00e1r\u00f3l fog sz\u00f3lni.      <\/p>\n","protected":false},"author":1,"featured_media":2231,"comment_status":"open","ping_status":"closed","template":"","class_list":["post-266","cpt_services","type-cpt_services","status-publish","has-post-thumbnail","hentry","cpt_services_group-explore-my-vision-on"],"_links":{"self":[{"href":"https:\/\/kerepes.eu\/springer\/wp-json\/wp\/v2\/cpt_services\/266","targetHints":{"allow":["GET"]}}],"collection":[{"href":"https:\/\/kerepes.eu\/springer\/wp-json\/wp\/v2\/cpt_services"}],"about":[{"href":"https:\/\/kerepes.eu\/springer\/wp-json\/wp\/v2\/types\/cpt_services"}],"author":[{"embeddable":true,"href":"https:\/\/kerepes.eu\/springer\/wp-json\/wp\/v2\/users\/1"}],"replies":[{"embeddable":true,"href":"https:\/\/kerepes.eu\/springer\/wp-json\/wp\/v2\/comments?post=266"}],"wp:featuredmedia":[{"embeddable":true,"href":"https:\/\/kerepes.eu\/springer\/wp-json\/wp\/v2\/media\/2231"}],"wp:attachment":[{"href":"https:\/\/kerepes.eu\/springer\/wp-json\/wp\/v2\/media?parent=266"}],"curies":[{"name":"wp","href":"https:\/\/api.w.org\/{rel}","templated":true}]}}