{"id":225,"date":"2017-12-11T15:14:59","date_gmt":"2017-12-11T15:14:59","guid":{"rendered":"https:\/\/kerepes.eu\/springer\/?post_type=cpt_team&#038;p=225"},"modified":"2024-05-09T20:33:29","modified_gmt":"2024-05-09T20:33:29","slug":"szirmai_06","status":"publish","type":"cpt_team","link":"https:\/\/kerepes.eu\/springer\/team\/szirmai_06\/","title":{"rendered":"Czecz\u00e9n\u00e9 Dr. Szirmai Gabriella"},"content":{"rendered":"<p>Kerepes kor\u00e1bbi jegyz\u0151je bemutatkoz\u00f3ja:<\/p>\n<p>Czecz\u00e9n\u00e9 dr. Szirmai Gabriella (MAR\u00c9G)<\/p>\n<p>1998 \u00f3ta \u00e9l\u00fcnk csal\u00e1dommal \u2013 f\u00e9rjemmel \u00e9s h\u00e1rom gyermekemmel &#8211; Kerepesen. 2003-t\u00f3l voltam a telep\u00fcl\u00e9s jegyz\u0151je, tal\u00e1n ezen id\u0151szak alatt n\u00f6vekedett, fejl\u0151d\u00f6tt a legnagyobb m\u00e9rt\u00e9kben Kerepes \u00e9s Szilasliget egyar\u00e1nt. Hossz\u00fa lenne le\u00edrni mennyi minden t\u00f6rt\u00e9nt \u201ejegyz\u0151s\u00e9gem\u201d alatt \u2013 term\u00e9szetesen a test\u00fclet tev\u00e9keny munk\u00e1ja mellett, \u00e9s vel\u00fck egy\u00fctt -, de \u00edme n\u00e9h\u00e1ny gondolat: akkor \u00e9p\u00fclt Szilasligeten a K\u00f6z\u00f6ss\u00e9gi h\u00e1z, befejez\u00e9sre ker\u00fclt az \u00e1ltal\u00e1nos iskola \u00e9p\u00edt\u00e9se (mely jelenleg Polg\u00e1rmesteri Hivatal), elindult a 104 telep\u00fcl\u00e9s Hullad\u00e9klerak\u00f3 telepe, \u00e1talak\u00edt\u00e1sra ker\u00fclt a M\u00e1rt\u00edrok utca \u00e9s a J\u00f3zsef A. \u00fati iskola \u00f3vod\u00e1v\u00e1, a W\u00e9ber Ede utcai \u00f3voda b\u0151v\u00edt\u00e9sre ker\u00fclt (kett\u0151 foglalkoztat\u00f3val \u00e9s a konyha fel\u00faj\u00edt\u00e1s\u00e1val), b\u0151v\u00edt\u00e9sre ker\u00fclt tov\u00e1bb\u00e1 a Szabads\u00e1g \u00fati \u00f3voda is, a \u201enagyr\u00e9ten\u201d megv\u00e1s\u00e1rl\u00e1sra ker\u00fclt mintegy 30 telek, valamint nagyon sok utca aszfaltoz\u00e1sa t\u00f6rt\u00e9nt (pl. Erkel u., V\u00e1g\u00e1ny u., Juh\u00e1sz Gy. u., Tavasz u., Hegy u., V\u00e9csey u., Alf\u00f6ldi u. egyr\u00e9sze), csatorn\u00e1ztunk a T\u00f6lgyfa utc\u00e1ban, k\u00fcl\u00f6n k\u00e9r\u00e9sre megoldottuk a Kod\u00e1ly utca als\u00f3 r\u00e9sz\u00e9nek v\u00edzelvezet\u00e9s\u00e9t, a helyi k\u00e9pvisel\u0151k seg\u00edts\u00e9g\u00e9vel \u00e1tereszeket \u00e9p\u00edtett\u00fcnk, figyelemmel az agglomer\u00e1ci\u00f3 fejl\u0151d\u00e9s\u00e9re kett\u0151\u00a0 \u00faj kutat f\u00farattunk, valamint egyet fel\u00faj\u00edttattunk. Ezen id\u0151szak alatt k\u00e9sz\u00fclt el a Horv\u00e1th L\u00e1szl\u00f3 \u00e9s neje fafarag\u00f3 n\u00e9pi iparm\u0171v\u00e9szek \u00e1ltal javasolt eml\u00e9km\u0171-, vagy szobor-park, a Szabads\u00e1g \u00faton Mihalik Mih\u00e1ly \u00e1ltal k\u00e9sz\u00edtett szobor, valamint a \u201evolt\u201d Hivatal udvar\u00e1n l\u00e9v\u0151 eml\u00e9km\u0171, amit a jelenlegi test\u00fclet a temet\u0151be helyeztetett \u00e1t. A Sz\u0151l\u0151 utc\u00e1ban, a \u201evolt\u201d Hivatal mellett nyolc \u00f6nkorm\u00e1nyzati lak\u00e1s \u00e9p\u00fclt, melyek k\u00e9s\u0151bb elad\u00e1sra, \u00e9rt\u00e9kes\u00edt\u00e9sre ker\u00fcltek (a Hivatal \u00e9s a lak\u00e1sok is, ebb\u0151l egy lak\u00e1s maradt meg m\u00e1ra az \u00f6nkorm\u00e1nyzat tulajdon\u00e1ba.).<\/p>\n<p>\u00d6r\u00f6mmel t\u00f6lt\u00f6tt el, hogy tev\u00e9keny test\u00fcletben dolgozhattam, hasonl\u00f3 szellemben \u00e9s eredm\u00e9nnyel szeretn\u00e9m tov\u00e1bb folytatni \u2013 mint k\u00e9pvisel\u0151 \u2013 munk\u00e1mat. Az \u00d6n\u00f6k megb\u00edz\u00e1s\u00e1b\u00f3l ugyanilyen csapattal szeretn\u00e9k az elk\u00f6vetkez\u0151 \u00f6t \u00e9vben dolgozni, ahol els\u0151sorban a megold\u00e1sra t\u00f6reksz\u00fcnk, \u00e9s nem a probl\u00e9ma ler\u00e1z\u00e1s\u00e1ra. Sok \u00e9ves k\u00f6zigazgat\u00e1si tapasztalatommal szeretn\u00e9m csapatunk tagjait t\u00e1mogatni a j\u00f3, el\u0151re mutat\u00f3 d\u00f6nt\u00e9sek meghozatal\u00e1ban.<\/p>\n<p>K\u00e9rj\u00fck a V\u00e1laszt\u00f3 Polg\u00e1rokat szavazzanak lelkes, j\u00f3l felk\u00e9sz\u00fclt csapatunkra!<\/p>\n","protected":false},"excerpt":{"rendered":"<p>Kerepes kor\u00e1bbi jegyz\u0151je bemutatkoz\u00f3ja: Czecz\u00e9n\u00e9 dr. Szirmai Gabriella (MAR\u00c9G) 1998 \u00f3ta \u00e9l\u00fcnk csal\u00e1dommal \u2013 f\u00e9rjemmel \u00e9s h\u00e1rom gyermekemmel &#8211; Kerepesen. 2003-t\u00f3l voltam a telep\u00fcl\u00e9s jegyz\u0151je, tal\u00e1n ezen id\u0151szak alatt n\u00f6vekedett, fejl\u0151d\u00f6tt a legnagyobb m\u00e9rt\u00e9kben Kerepes \u00e9s Szilasliget egyar\u00e1nt. Hossz\u00fa lenne le\u00edrni mennyi minden t\u00f6rt\u00e9nt \u201ejegyz\u0151s\u00e9gem\u201d alatt \u2013 term\u00e9szetesen a test\u00fclet tev\u00e9keny munk\u00e1ja mellett, \u00e9s vel\u00fck egy\u00fctt -, de \u00edme n\u00e9h\u00e1ny&hellip;<\/p>\n","protected":false},"author":1,"featured_media":2166,"comment_status":"closed","ping_status":"closed","template":"","class_list":["post-225","cpt_team","type-cpt_team","status-publish","has-post-thumbnail","hentry"],"_links":{"self":[{"href":"https:\/\/kerepes.eu\/springer\/wp-json\/wp\/v2\/cpt_team\/225","targetHints":{"allow":["GET"]}}],"collection":[{"href":"https:\/\/kerepes.eu\/springer\/wp-json\/wp\/v2\/cpt_team"}],"about":[{"href":"https:\/\/kerepes.eu\/springer\/wp-json\/wp\/v2\/types\/cpt_team"}],"author":[{"embeddable":true,"href":"https:\/\/kerepes.eu\/springer\/wp-json\/wp\/v2\/users\/1"}],"replies":[{"embeddable":true,"href":"https:\/\/kerepes.eu\/springer\/wp-json\/wp\/v2\/comments?post=225"}],"wp:featuredmedia":[{"embeddable":true,"href":"https:\/\/kerepes.eu\/springer\/wp-json\/wp\/v2\/media\/2166"}],"wp:attachment":[{"href":"https:\/\/kerepes.eu\/springer\/wp-json\/wp\/v2\/media?parent=225"}],"curies":[{"name":"wp","href":"https:\/\/api.w.org\/{rel}","templated":true}]}}