{"id":229,"date":"2017-12-11T15:20:46","date_gmt":"2017-12-11T15:20:46","guid":{"rendered":"https:\/\/kerepes.eu\/springer\/?post_type=cpt_team&#038;p=229"},"modified":"2024-05-06T09:10:29","modified_gmt":"2024-05-06T09:10:29","slug":"horompo_08","status":"publish","type":"cpt_team","link":"https:\/\/kerepes.eu\/springer\/team\/horompo_08\/","title":{"rendered":"H\u00f6r\u00f6mp\u0151 Andr\u00e1s"},"content":{"rendered":"<p>Tisztelt Kerepesi Polg\u00e1rok, Szilasiak, Panor\u00e1m\u00e1sok, Sz\u00e9phegyiek \u00e9s Mindenki!<\/p>\n<p>Engedj\u00e9tek meg, hogy n\u00e9h\u00e1ny fontos gondolatot osszak meg veletek!<\/p>\n<p>R\u00e9gen, amikor csak arra volt k\u00f6z\u00f6m a k\u00f6z\u00e9letbe, hogy elmentem szavazni n\u00e9gy\u00e9vente, egyszer\u0171en csak beikszeltem a neveket, majd v\u00e1rtam. V\u00e1rtam, hogy tal\u00e1n valami v\u00e1ltoz\u00e1s k\u00f6vetkezik be. Sajnos azonban \u00fagy t\u0171nt, hogy semmi sem v\u00e1ltozott. Ez\u00e9rt id\u00e9n \u00fagy d\u00f6nt\u00f6ttem, hogy t\u00f6bbet is tehet\u00fcnk.<\/p>\n<p>A 310-es \u00fat f\u00f3rum\u00e1n val\u00f3 r\u00e9szv\u00e9telem sor\u00e1n (ahol jelen voltam), nyilv\u00e1nval\u00f3v\u00e1 v\u00e1lt sz\u00e1momra, hogy a tisztelt k\u00e9pvisel\u0151-test\u00fclet vagy a polg\u00e1rmester hallgatott, mint a s\u00edr, vagy a &#8222;p\u00e1rt&#8221; n\u00f3t\u00e1j\u00e1t f\u00fajta. K\u00e9t ember v\u00e1llalta fel a v\u00e9lem\u00e9ny\u00e9t k\u00f6z\u00fcl\u00fck: a FIDESZ egy\u00e9rtelm\u0171en jelezte, hogy szerint\u00fck sz\u00fcks\u00e9ges \u00e9s gazdas\u00e1gi \u00e9rdek\u00fcnk az \u00fat elk\u00e9sz\u00fclte, m\u00edg a hallgat\u00f3s\u00e1g t\u00falnyom\u00f3 t\u00f6bbs\u00e9ge hat\u00e1rozottan nemet mondott erre.<\/p>\n<p>Springer Friedrich k\u00e9pvisel\u0151 \u00dar b\u00e1tran ki\u00e1llt \u00e9s egy\u00e9rtelm\u0171en kifejezte, hogy k\u00f6sz\u00f6nj\u00fck, de nem k\u00e9rj\u00fck \u00e9s nem akarjuk ezt az utat a kertjeink al\u00e1. V\u00e1llalta a v\u00e9lem\u00e9ny\u00e9t \u00e9s ny\u00edltan ki\u00e1llt az \u00e9rt\u00e9krendje mellett.<\/p>\n<p>Ebb\u0151l a tapasztalatb\u00f3l sz\u00e1momra is vil\u00e1goss\u00e1 v\u00e1lt, hogy a &#8222;p\u00e1rt&#8221; mindenek felett \u00e9rv\u00e9nyes\u00fcl, \u00e9s ha fenn van kiadva a parancs, hogy az \u00fat mellett kell szavazni, azt meg is teszik. Ez\u00e9rt most, amikor az aj\u00e1nl\u00f3c\u00e9dul\u00e1kat \u00edratj\u00e1k al\u00e1, mi\u00e9rt nem v\u00e1llalj\u00e1k fel ny\u00edltan, hogy melyik p\u00e1rt seg\u00edti \u0151ket?<\/p>\n<p>A k\u00f6zmeghallgat\u00e1son egy\u00e9rtelm\u0171v\u00e9 v\u00e1lt, hogy mit szeretn\u00e9nk: sem a 310-est, sem azt az utat, amelyen eddig j\u00e1rtattak minket. Ha m\u00e1s v\u00e1rosoknak siker\u00fclt, akkor mi\u00e9rt ne siker\u00fclne Kerepesnek is?<\/p>\n<p>A MAR\u00c9G k\u00e9pvisel\u0151 jel\u00f6ltjei nem akarj\u00e1k ezt az utat! Sem a 310-est, sem azt az utat, amin eddig j\u00e1rtattak minket! Ha m\u00e1s v\u00e1rosoknak, mint Szegednek, Budapestnek vagy G\u00f6d\u00f6ll\u0151nek, siker\u00fclt, mi\u00e9rt ne siker\u00fclhetne nek\u00fcnk is?<\/p>\n<p>* A 310-es \u00fat! Nulltolerancia!<\/p>\n<div class=\"x78zum5 xdt5ytf\">\n<div class=\"x9f619 x1n2onr6 x1ja2u2z\">\n<div class=\"__fb-light-mode x1n2onr6\" role=\"row\">\n<div class=\"\">\n<div class=\"x78zum5 xdt5ytf x1n2onr6\" tabindex=\"0\" role=\"gridcell\" data-release-focus-from=\"CLICK\" data-scope=\"messages_table\">\n<div class=\"x78zum5\" role=\"none\">\n<div class=\"x78zum5 x1iyjqo2 xs83m0k xeuugli\" role=\"none\">\n<div class=\"html-div xe8uvvx xdj266r x11i5rnm xat24cr x1mh8g0r xexx8yu x4uap5 x18d9i69 xkhd6sd x1h91t0o xkh2ocl x78zum5 xdt5ytf x13a6bvl x193iq5w x1eb86dx xeuugli\" role=\"presentation\">\n<div class=\"html-div xe8uvvx xdj266r x11i5rnm xat24cr x1mh8g0r xexx8yu x4uap5 x18d9i69 xkhd6sd x78zum5 xh8yej3\" role=\"presentation\">\n<div class=\"x1cy8zhl x78zum5 xdt5ytf x193iq5w x1n2onr6 x1kxipp6\">\n<div class=\"x78zum5 xh8yej3\" role=\"none\">\n<div class=\"html-div xe8uvvx xdj266r x11i5rnm xat24cr x1mh8g0r xexx8yu x4uap5 x18d9i69 xkhd6sd x6ikm8r x10wlt62\">\n<div class=\"html-div xe8uvvx xdj266r x11i5rnm xat24cr x1mh8g0r x1tlxs6b x1g8br2z x1gn5b1j x230xth x14ctfv x1okitfd x1k4qllp x6ikm8r x10wlt62 x1y1aw1k xwib8y2 x1ye3gou xn6708d x1n2onr6 x1vjfegm x1mzt3pk x13faqbe x1xr0vuk x1jm4cbz x1lmq8lz xrrpcnn x1xtl47e x13fuv20 xu3j5b3 x1q0q8m5 x26u7qi x19livfd x2t687o x3p3xfz x5od304\" role=\"presentation\">\n<div class=\"html-div xe8uvvx xexx8yu x4uap5 x18d9i69 xkhd6sd x1gslohp x11i5rnm x12nagc x1mh8g0r x1yc453h x126k92a x18lvrbx\" dir=\"auto\">Speci\u00e1lisan 6- 7-es \u00e9s 8-as \u00e9s a 2-es -3-as &#8222;panor\u00e1m\u00e1ban&#8221;\u00a0 \u00e9s az 1-es k\u00f6rzetben \u00e9l\u0151 emberek azaz Kerepes z\u00f6m\u00e9nek vezet\u0151 probl\u00e9m\u00e1ja ez. Tudjuk hogy egy region\u00e1lis felt\u00e1r\u00f3 \u00fat r\u00e9sze. Azok akikkel besz\u00e9lt\u00fcnk, (egy kiv\u00e9tel\u00e9vel) valami csoda folyt\u00e1n mind azt mondt\u00e1k, hogy k\u00f6sz\u00f6nj\u00fck sz\u00e9pen nem k\u00e9r\u00fcnk bel\u0151le!\n<p>* Biztons\u00e1gos \u00e9letteret mindenkinek! A lakoss\u00e1g ezen r\u00e9sz\u00e9nek is f\u0151 gondja a szem\u00e9lyes \u00e9s vagyon biztons\u00e1g k\u00e9rd\u00e9se. Egyszer\u0171en nem mehet\u00fcnk el mellette. Azzal hogy elmondjuk mik a probl\u00e9m\u00e1k nem lehet megoldani. Az hogy er\u0151s\u00edtj\u00fck a k\u00f6zbiztons\u00e1gi j\u00e1r\u0151rszolg\u00e1latot n\u00f6velhetj\u00fck a biztons\u00e1g\u00e9rzetet m\u00e1r igen. Ezt messzemen\u0151kig t\u00e1mogatjuk a k\u00f6rzetben \u00e9s a telep\u00fcl\u00e9s eg\u00e9sz\u00e9ben is.\u00a0 Elk\u00e9pzel\u00e9s szerint\u00a0 a Szilasligeti H\u00c9V \u00e1llom\u00e1son \u00e9s a Kerepesi \u00e1llom\u00e1son is lenne egy-egy irod\u00e1juk a k\u00f6zter\u00fcletfel\u00fcgyelet, a KMB-s \u00e9s Polg\u00e1r\u0151rs\u00e9g haszn\u00e1lat\u00e1r. Az egy fix jelenl\u00e9t \u00e9s fontos pont lehet. <br \/>A k\u00f6zvil\u00e1g\u00edt\u00e1s fejleszt\u00e9se a k\u00f6rny\u00e9ken pozit\u00edv ir\u00e1nyba helyezn\u00e9 a k\u00f6z\u00e9rzetet s\u00falypontj\u00e1t.\u00a0\u00a0<br \/>A b\u0171n nem szereti a f\u00e9nyt, szereti a s\u00f6t\u00e9ts\u00e9get.<\/p>\n<p>* Z\u00f6ld program a j\u00f6v\u0151\u00e9rt! <br \/>Eddig csak azokr\u00f3l a dolgokr\u00f3l besz\u00e9lt\u00fcnk amelyek vitt\u00e9k a p\u00e9nzt. M\u00e1r a k\u00f6zmeghallgat\u00e1son is felsz\u00f3laltam ez \u00fcgyben. Az helyett hogy romboljuk a k\u00f6rnyezetet, \u00e9p\u00edthetn\u00e9nk is valamit. Nem kell mindent sz\u00f3 szerint \u00e9rteni. Hogy magam id\u00e9zzem: csin\u00e1lhatn\u00e1nk ebb\u0151l az adotts\u00e1gb\u00f3l bev\u00e9telt is. Hozzunk l\u00e9tre egy m\u00e1sodik Normaf\u00e1t. Egyeztetve a ter\u00fclet &#8222;gondoz\u00f3ival&#8221;, kezel\u0151ivel sok t\u00e1rsadalmi munk\u00e1val, kev\u00e9s anyagi r\u00e1ford\u00edt\u00e1ssal s\u00e9ta, fut\u00f3 \u00e9s turisztika c\u00e9lpont lehetn\u00e9nk. A peremvid\u00e9ken parkol\u00f3val, l\u00e1ngos, r\u00e9tes stb. \u00c9tterem is adott.<\/p>\n<p>* Sport, eg\u00e9szs\u00e9gnevel\u00e9s a j\u00f6v\u0151\u00e9rt.\u00a0 A fiatal koroszt\u00e1lya ig\u00e9nyeit ki kell el\u00e9g\u00edteni. Ott a fitnesz p\u00e1lya, ott a r\u00f6plabda. T\u00f6megek vannak. T\u00e9len is! Streetball , kisp\u00e1ly\u00e1s k\u00e9tkapus gyepes foci. Tollaslabda p\u00e1lya. Nem szabad lebetonozni mindent. Ilyet senki sem akar, de ha itt tartjuk a fiatalokat lesz perspekt\u00edva a j\u00f6v\u0151re n\u00e9zve. Cukr\u00e1szda, b\u00fcf\u00e9, mozg\u00f3\u00e1rusok, idegenforgalom. Adn\u00e1nk a helyi v\u00e1llalkoz\u00f3knak munk\u00e1t. Seg\u00e9der\u0151, dolgos k\u00e9z is lenne, nyakamat r\u00e1.<\/p>\n<p>* Utak utc\u00e1k \u00e1llapota a 8-as k\u00f6rzetben. Tudom hogy vannak rendeletek ez \u00fcgyben de v\u00e9gre is\u00a0 kell hajtani. Ha mindenki j\u00e1rhat\u00f3v\u00e1 teszi az utakat, j\u00e1rd\u00e1kat a maga utcafrontj\u00e1n, m\u00e1r megold\u00e1s \u00e9s ahol id\u0151s emberek \u00e9lnek seg\u00edt\u00fcnk. Itt a &#8222;Kft&#8221; k\u00e9zbe veszi a dolgot. Minden ami bel\u00f3g, kil\u00f3g lev\u00e1gja. \u00c9s lesz \u00f6nkorm\u00e1nyzati komposzt\u00e1l\u00f3 oda le is rakja, Rendezni kell a murv\u00e1s utc\u00e1k burkolat\u00e1t. Ezt k\u00f6vet\u0151en rendezni kell a parkol\u00e1s rendj\u00e9t is. Keskenyek az utc\u00e1k, megold\u00e1s kell. Lak\u00f3 \u00d6vezet! <br \/>P\u00e9lda az Ady Endre utc\u00e1ban az egyik sarok mellett parkol, kil\u00f3g az aut\u00f3, ami vesz\u00e9lyes. Nem lehet ilyent toler\u00e1lni. f\u0151leg ha a k\u00e9pvisel\u0151 m\u00e9g az utc\u00e1ban is lakik \u00e9s maga is \u00e9szleli ezt naponta.<br \/>Ittas vezet\u00e9s ellen fel kell l\u00e9pni a hat\u00f3s\u00e1gnak.\u00a0 Nem kell meghirdetni, alkalom szer\u0171 igazoltat\u00e1s, szond\u00e1ztat\u00e1s, m\u00e9r\u00e9s. Nem csak cs\u00facsid\u0151ben hanem h\u00e9tv\u00e9g\u00e9n, d\u00e9lut\u00e1n, is. A rend\u0151rs\u00e9ggel is j\u00f3 kapcsolatot kell \u00e1polni, seg\u00edteni egym\u00e1s munk\u00e1j\u00e1t \u00e9s nem k\u00f6zter\u00fclet fel\u00fcgyletet hanem \u00d6nkorm\u00e1nyzati Rend\u00e9szetet fogunk l\u00e9trehozni. Ezek a dolgok \u00e9s sok m\u00e1s is van amik els\u0151dlegesek. Vannak benne olyan dolgok amik egyszer\u0171en megoldhat\u00f3k, vannak amik hossz\u00fat\u00e1von \u00e9rnek be, p\u00e9nz nem mindenhez kell, van amit egy kis munk\u00e1val \u00e9s szervez\u00e9ssel is meglehet oldani.\u00a0<\/p>\n<\/div>\n<\/div>\n<\/div>\n<div class=\"html-div xe8uvvx xdj266r x11i5rnm xat24cr x1mh8g0r xexx8yu x4uap5 x18d9i69 xkhd6sd x1h91t0o xkh2ocl x78zum5 xdt5ytf x13a6bvl x193iq5w x1iyjqo2 x1eb86dx\" role=\"presentation\">\n<div class=\"html-div xe8uvvx xdj266r x11i5rnm xat24cr x1mh8g0r xexx8yu x4uap5 x18d9i69 xkhd6sd x1r8uery x1iyjqo2\" role=\"presentation\">\u00a0<\/div>\n<\/div>\n<\/div>\n<\/div>\n<\/div>\n<\/div>\n<\/div>\n<\/div>\n<\/div>\n<\/div>\n<\/div>\n<\/div>\n<\/div>\n<p>Bizalmat k\u00e9r\u00fcnk \u00e9s k\u00f6sz\u00f6nj\u00fck a t\u00e1mogat\u00e1sotokat!<\/p>\n<p>H\u00f6r\u00f6mp\u0151 Andr\u00e1s Kerepes<\/p>\n<p>A 8-as <span style=\"color: initial;\">sz\u00e1m\u00fa egy\u00e9ni v\u00e1laszt\u00f3ker\u00fclet MAR\u00c9G jel\u00f6ltje\u00a0<\/span><\/p>\n\n\n<figure class=\"wp-block-image size-large is-resized\"><img loading=\"lazy\" decoding=\"async\" width=\"684\" height=\"1024\" src=\"https:\/\/kerepes.eu\/springer\/wp-content\/uploads\/2017\/12\/Almassy-Bettina-2024.-Springer-csapat-4-684x1024.jpg\" alt=\"\" class=\"wp-image-2371\" style=\"width:213px;height:auto\" srcset=\"https:\/\/kerepes.eu\/springer\/wp-content\/uploads\/2017\/12\/Almassy-Bettina-2024.-Springer-csapat-4-684x1024.jpg 684w, https:\/\/kerepes.eu\/springer\/wp-content\/uploads\/2017\/12\/Almassy-Bettina-2024.-Springer-csapat-4-200x300.jpg 200w, https:\/\/kerepes.eu\/springer\/wp-content\/uploads\/2017\/12\/Almassy-Bettina-2024.-Springer-csapat-4-768x1150.jpg 768w, https:\/\/kerepes.eu\/springer\/wp-content\/uploads\/2017\/12\/Almassy-Bettina-2024.-Springer-csapat-4-1025x1536.jpg 1025w, https:\/\/kerepes.eu\/springer\/wp-content\/uploads\/2017\/12\/Almassy-Bettina-2024.-Springer-csapat-4-1367x2048.jpg 1367w, https:\/\/kerepes.eu\/springer\/wp-content\/uploads\/2017\/12\/Almassy-Bettina-2024.-Springer-csapat-4-370x554.jpg 370w, https:\/\/kerepes.eu\/springer\/wp-content\/uploads\/2017\/12\/Almassy-Bettina-2024.-Springer-csapat-4-760x1138.jpg 760w, https:\/\/kerepes.eu\/springer\/wp-content\/uploads\/2017\/12\/Almassy-Bettina-2024.-Springer-csapat-4-scaled.jpg 1709w\" sizes=\"auto, (max-width: 684px) 100vw, 684px\" \/><\/figure>\n\n\n\n<pre class=\"wp-block-code\"><code> \n<\/code><\/pre>\n","protected":false},"excerpt":{"rendered":"<p>Tisztelt Kerepesi Polg\u00e1rok, Szilasiak, Panor\u00e1m\u00e1sok, Sz\u00e9phegyiek \u00e9s Mindenki! Engedj\u00e9tek meg, hogy n\u00e9h\u00e1ny fontos gondolatot osszak meg veletek! R\u00e9gen, amikor csak arra volt k\u00f6z\u00f6m a k\u00f6z\u00e9letbe, hogy elmentem szavazni n\u00e9gy\u00e9vente, egyszer\u0171en csak beikszeltem a neveket, majd v\u00e1rtam. V\u00e1rtam, hogy tal\u00e1n valami v\u00e1ltoz\u00e1s k\u00f6vetkezik be. Sajnos azonban \u00fagy t\u0171nt, hogy semmi sem v\u00e1ltozott. Ez\u00e9rt id\u00e9n \u00fagy d\u00f6nt\u00f6ttem, hogy t\u00f6bbet is tehet\u00fcnk. A&hellip;<\/p>\n","protected":false},"author":1,"featured_media":2169,"comment_status":"closed","ping_status":"closed","template":"","class_list":["post-229","cpt_team","type-cpt_team","status-publish","has-post-thumbnail","hentry"],"_links":{"self":[{"href":"https:\/\/kerepes.eu\/springer\/wp-json\/wp\/v2\/cpt_team\/229","targetHints":{"allow":["GET"]}}],"collection":[{"href":"https:\/\/kerepes.eu\/springer\/wp-json\/wp\/v2\/cpt_team"}],"about":[{"href":"https:\/\/kerepes.eu\/springer\/wp-json\/wp\/v2\/types\/cpt_team"}],"author":[{"embeddable":true,"href":"https:\/\/kerepes.eu\/springer\/wp-json\/wp\/v2\/users\/1"}],"replies":[{"embeddable":true,"href":"https:\/\/kerepes.eu\/springer\/wp-json\/wp\/v2\/comments?post=229"}],"wp:featuredmedia":[{"embeddable":true,"href":"https:\/\/kerepes.eu\/springer\/wp-json\/wp\/v2\/media\/2169"}],"wp:attachment":[{"href":"https:\/\/kerepes.eu\/springer\/wp-json\/wp\/v2\/media?parent=229"}],"curies":[{"name":"wp","href":"https:\/\/api.w.org\/{rel}","templated":true}]}}